{"id":6314,"date":"2024-12-06T13:01:13","date_gmt":"2024-12-06T12:01:13","guid":{"rendered":"https:\/\/nlb.ch\/oeffnungszeiten-zugang\/"},"modified":"2025-04-18T09:22:30","modified_gmt":"2025-04-18T08:22:30","slug":"oeffnungszeiten-zugang","status":"publish","type":"page","link":"https:\/\/nlb.ch\/de\/oeffnungszeiten-zugang\/","title":{"rendered":"\u00d6ffnungszeiten &amp; Zugang"},"content":{"rendered":"<p>[et_pb_section fb_built=&#8220;1&#8243; fullwidth=&#8220;on&#8220; _builder_version=&#8220;4.27.4&#8243; _module_preset=&#8220;default&#8220; use_background_color_gradient=&#8220;on&#8220; background_color_gradient_stops=&#8220;rgba(0,19,46,0.65) 0%|rgba(239,239,239,0) 100%&#8220; background_color_gradient_overlays_image=&#8220;on&#8220; background_image=&#8220;https:\/\/nlb.ch\/wp-content\/uploads\/2024\/12\/Fond_2.webp&#8220; global_colors_info=&#8220;{}&#8220;][et_pb_fullwidth_header title=&#8220;\u00d6ffnungszeiten &#038; Preise&#8220; _builder_version=&#8220;4.27.4&#8243; _module_preset=&#8220;default&#8220; title_text_align=&#8220;center&#8220; title_font_size=&#8220;60px&#8220; background_enable_color=&#8220;off&#8220; background_enable_image=&#8220;off&#8220; min_height=&#8220;500px&#8220; custom_padding=&#8220;15em||||false|false&#8220; custom_padding_tablet=&#8220;15em||||false|false&#8220; custom_padding_phone=&#8220;15em||||false|false&#8220; custom_padding_last_edited=&#8220;on|phone&#8220; title_font_size_tablet=&#8220;45px&#8220; title_font_size_phone=&#8220;40px&#8220; title_font_size_last_edited=&#8220;on|desktop&#8220; global_colors_info=&#8220;{}&#8220;][\/et_pb_fullwidth_header][\/et_pb_section][et_pb_section fb_built=&#8220;1&#8243; _builder_version=&#8220;4.27.4&#8243; _module_preset=&#8220;default&#8220; custom_padding=&#8220;10px||10px||true|false&#8220; global_colors_info=&#8220;{}&#8220;][et_pb_row column_structure=&#8220;1_2,1_2&#8243; disabled_on=&#8220;off|off|off&#8220; _builder_version=&#8220;4.27.4&#8243; _module_preset=&#8220;default&#8220; background_color=&#8220;#FFFFFF&#8220; width=&#8220;90%&#8220; max_width=&#8220;1500px&#8220; locked=&#8220;off&#8220; global_colors_info=&#8220;{}&#8220;][et_pb_column type=&#8220;1_2&#8243; _builder_version=&#8220;4.18.0&#8243; _module_preset=&#8220;default&#8220; global_colors_info=&#8220;{}&#8220;][et_pb_text _builder_version=&#8220;4.27.4&#8243; _module_preset=&#8220;default&#8220; header_2_text_color=&#8220;#000000&#8243; header_2_font_size_tablet=&#8220;24px&#8220; header_2_font_size_phone=&#8220;20px&#8220; header_2_font_size_last_edited=&#8220;on|phone&#8220; global_colors_info=&#8220;{}&#8220;]<\/p>\n<h2><strong>T\u00e4glich offen<\/strong><\/h2>\n<p>[\/et_pb_text][\/et_pb_column][et_pb_column type=&#8220;1_2&#8243; _builder_version=&#8220;4.18.0&#8243; _module_preset=&#8220;default&#8220; global_colors_info=&#8220;{}&#8220;][et_pb_text _builder_version=&#8220;4.27.4&#8243; _module_preset=&#8220;f726c6b6-2fde-4699-9f43-6b2cebd4d1d9&#8243; header_2_text_color=&#8220;#000000&#8243; header_2_font_size_tablet=&#8220;24px&#8220; header_2_font_size_phone=&#8220;20px&#8220; header_2_font_size_last_edited=&#8220;on|phone&#8220; locked=&#8220;off&#8220; global_colors_info=&#8220;{}&#8220;]<\/p>\n<h2><strong><span>Fahrplan Zwischensaison von  <\/span><\/strong><\/h2>\n<h2><strong><span>18.04.25 bis 13.06.2025<\/span><\/strong><\/h2>\n<p>[\/et_pb_text][et_pb_text _builder_version=&#8220;4.27.4&#8243; _module_preset=&#8220;default&#8220; text_font=&#8220;||||||||&#8220; text_text_color=&#8220;rgba(0,0,0,0.71)&#8220; text_font_size=&#8220;17px&#8220; text_letter_spacing=&#8220;1px&#8220; header_font=&#8220;||||||||&#8220; header_3_font=&#8220;Playfair Display|700|||||||&#8220; header_3_text_color=&#8220;#000000&#8243; header_3_font_size=&#8220;25px&#8220; header_3_line_height=&#8220;1.4em&#8220; custom_margin=&#8220;||9px|||&#8220; text_font_size_tablet=&#8220;17px&#8220; text_font_size_phone=&#8220;16px&#8220; text_font_size_last_edited=&#8220;on|phone&#8220; header_3_font_size_tablet=&#8220;20px&#8220; header_3_font_size_phone=&#8220;16px&#8220; header_3_font_size_last_edited=&#8220;on|phone&#8220; global_colors_info=&#8220;{}&#8220;]<\/p>\n<p style=\"text-align: justify;\"><span>Abfahrt in Les Brenets um <\/span><span>11.00 Uhr \/ 12.00 Uhr \/ 14.00 Uhr \/ 15.00 Uhr<\/span><\/p>\n<p style=\"text-align: justify;\"><span>Letzter R\u00fcckflug vom Saut du Doubs um 15:30 Uhr<\/span><\/p>\n<p style=\"text-align: justify;\"><span>Je nach Auslastung zus\u00e4tzliche Abfahrten, siehe Homepage.<\/span><\/p>\n<p>[\/et_pb_text][\/et_pb_column][\/et_pb_row][\/et_pb_section][et_pb_section fb_built=&#8220;1&#8243; _builder_version=&#8220;4.27.4&#8243; _module_preset=&#8220;default&#8220; custom_padding=&#8220;10px||10px||true|false&#8220; global_colors_info=&#8220;{}&#8220;][et_pb_row _builder_version=&#8220;4.27.4&#8243; _module_preset=&#8220;default&#8220; width=&#8220;90%&#8220; max_width=&#8220;1500px&#8220; global_colors_info=&#8220;{}&#8220;][et_pb_column type=&#8220;4_4&#8243; _builder_version=&#8220;4.27.4&#8243; _module_preset=&#8220;default&#8220; global_colors_info=&#8220;{}&#8220;][et_pb_image src=&#8220;https:\/\/nlb.ch\/wp-content\/uploads\/2025\/03\/NLB-Horaires-2025-scaled.webp&#8220; alt=&#8220;Schifffahrt auf dem Lac des Brenets Fahrplan 2025&#8243; title_text=&#8220;NLB-Fahrplan-2025&#8243; show_in_lightbox=&#8220;on&#8220; _builder_version=&#8220;4.27.4&#8243; _module_preset=&#8220;default&#8220; global_colors_info=&#8220;{}&#8220;][\/et_pb_image][et_pb_text _builder_version=&#8220;4.27.4&#8243; _module_preset=&#8220;default&#8220; text_letter_spacing=&#8220;1px&#8220; text_line_height=&#8220;1.6em&#8220; custom_margin=&#8220;0px||||false|false&#8220; text_font_size_tablet=&#8220;&#8220; text_font_size_phone=&#8220;10px&#8220; text_font_size_last_edited=&#8220;on|desktop&#8220; global_colors_info=&#8220;{}&#8220;]<\/p>\n<p><span>* Kinder unter 6 Jahren in Begleitung eines Elternteils sind kostenlos.<br \/><\/span>* Hunde (nicht nass) sind an Bord des Schiffes erlaubt und kostenlos.<\/p>\n<p>[\/et_pb_text][\/et_pb_column][\/et_pb_row][\/et_pb_section]<\/p>\n","protected":false},"excerpt":{"rendered":"<p>T\u00e4glich offenFahrplan Zwischensaison von 18.04.25 bis 13.06.2025Abfahrt in Les Brenets um 11.00 Uhr \/ 12.00 Uhr \/ 14.00 Uhr \/ 15.00 Uhr Letzter R\u00fcckflug vom Saut du Doubs um 15:30 Uhr Je nach Auslastung zus\u00e4tzliche Abfahrten, siehe Homepage.* Kinder unter 6 Jahren in Begleitung eines Elternteils sind kostenlos.* Hunde (nicht nass) sind an Bord des [&hellip;]<\/p>\n","protected":false},"author":1,"featured_media":0,"parent":0,"menu_order":0,"comment_status":"closed","ping_status":"closed","template":"","meta":{"_et_pb_use_builder":"on","_et_pb_old_content":"","_et_gb_content_width":"","footnotes":""},"class_list":["post-6314","page","type-page","status-publish","hentry"],"yoast_head":"<!-- This site is optimized with the Yoast SEO plugin v27.3 - https:\/\/yoast.com\/product\/yoast-seo-wordpress\/ -->\n<title>NLB SA - Fahrplan, Tarife und Transport<\/title>\n<meta name=\"description\" content=\"Entdecken Sie die Fahrpl\u00e4ne und Preise f\u00fcr Kreuzfahrten auf dem See von Les Brenets. Buchen Sie jetzt f\u00fcr ein unvergessliches Erlebnis!\" \/>\n<meta name=\"robots\" content=\"index, follow, max-snippet:-1, max-image-preview:large, max-video-preview:-1\" \/>\n<link rel=\"canonical\" href=\"https:\/\/nlb.ch\/de\/oeffnungszeiten-zugang\/\" \/>\n<meta property=\"og:locale\" content=\"de_DE\" \/>\n<meta property=\"og:type\" content=\"article\" \/>\n<meta property=\"og:title\" content=\"NLB SA - Fahrplan, Tarife und Transport\" \/>\n<meta property=\"og:description\" content=\"Entdecken Sie die Fahrpl\u00e4ne und Preise f\u00fcr Kreuzfahrten auf dem See von Les Brenets. Buchen Sie jetzt f\u00fcr ein unvergessliches Erlebnis!\" \/>\n<meta property=\"og:url\" content=\"https:\/\/nlb.ch\/de\/oeffnungszeiten-zugang\/\" \/>\n<meta property=\"og:site_name\" content=\"Navigation sur le Lac de Brenets\" \/>\n<meta property=\"article:publisher\" content=\"https:\/\/www.facebook.com\/pages\/Navigation-sur-le-Lac-des-Brenets-Compagnie-NLB-Visite-du-Saut-du-Doubs\/360765938001\" \/>\n<meta property=\"article:modified_time\" content=\"2025-04-18T08:22:30+00:00\" \/>\n<meta name=\"twitter:card\" content=\"summary_large_image\" \/>\n<meta name=\"twitter:label1\" content=\"Gesch\u00e4tzte Lesezeit\" \/>\n\t<meta name=\"twitter:data1\" content=\"3\u00a0Minuten\" \/>\n<script type=\"application\/ld+json\" class=\"yoast-schema-graph\">{\"@context\":\"https:\\\/\\\/schema.org\",\"@graph\":[{\"@type\":\"WebPage\",\"@id\":\"https:\\\/\\\/nlb.ch\\\/de\\\/oeffnungszeiten-zugang\\\/\",\"url\":\"https:\\\/\\\/nlb.ch\\\/de\\\/oeffnungszeiten-zugang\\\/\",\"name\":\"NLB SA - Fahrplan, Tarife und Transport\",\"isPartOf\":{\"@id\":\"https:\\\/\\\/nlb.ch\\\/de\\\/#website\"},\"datePublished\":\"2024-12-06T12:01:13+00:00\",\"dateModified\":\"2025-04-18T08:22:30+00:00\",\"description\":\"Entdecken Sie die Fahrpl\u00e4ne und Preise f\u00fcr Kreuzfahrten auf dem See von Les Brenets. Buchen Sie jetzt f\u00fcr ein unvergessliches Erlebnis!\",\"breadcrumb\":{\"@id\":\"https:\\\/\\\/nlb.ch\\\/de\\\/oeffnungszeiten-zugang\\\/#breadcrumb\"},\"inLanguage\":\"de\",\"potentialAction\":[{\"@type\":\"ReadAction\",\"target\":[\"https:\\\/\\\/nlb.ch\\\/de\\\/oeffnungszeiten-zugang\\\/\"]}]},{\"@type\":\"BreadcrumbList\",\"@id\":\"https:\\\/\\\/nlb.ch\\\/de\\\/oeffnungszeiten-zugang\\\/#breadcrumb\",\"itemListElement\":[{\"@type\":\"ListItem\",\"position\":1,\"name\":\"Accueil\",\"item\":\"https:\\\/\\\/nlb.ch\\\/de\\\/\"},{\"@type\":\"ListItem\",\"position\":2,\"name\":\"\u00d6ffnungszeiten &amp; Zugang\"}]},{\"@type\":\"WebSite\",\"@id\":\"https:\\\/\\\/nlb.ch\\\/de\\\/#website\",\"url\":\"https:\\\/\\\/nlb.ch\\\/de\\\/\",\"name\":\"Navigation sur le Lac de Brenets\",\"description\":\"\",\"publisher\":{\"@id\":\"https:\\\/\\\/nlb.ch\\\/de\\\/#organization\"},\"potentialAction\":[{\"@type\":\"SearchAction\",\"target\":{\"@type\":\"EntryPoint\",\"urlTemplate\":\"https:\\\/\\\/nlb.ch\\\/de\\\/?s={search_term_string}\"},\"query-input\":{\"@type\":\"PropertyValueSpecification\",\"valueRequired\":true,\"valueName\":\"search_term_string\"}}],\"inLanguage\":\"de\"},{\"@type\":\"Organization\",\"@id\":\"https:\\\/\\\/nlb.ch\\\/de\\\/#organization\",\"name\":\"Navigation sur le Lac de Brenets\",\"url\":\"https:\\\/\\\/nlb.ch\\\/de\\\/\",\"logo\":{\"@type\":\"ImageObject\",\"inLanguage\":\"de\",\"@id\":\"https:\\\/\\\/nlb.ch\\\/de\\\/#\\\/schema\\\/logo\\\/image\\\/\",\"url\":\"https:\\\/\\\/nlb.ch\\\/wp-content\\\/uploads\\\/2024\\\/12\\\/Logo_NLB.webp\",\"contentUrl\":\"https:\\\/\\\/nlb.ch\\\/wp-content\\\/uploads\\\/2024\\\/12\\\/Logo_NLB.webp\",\"width\":500,\"height\":500,\"caption\":\"Navigation sur le Lac de Brenets\"},\"image\":{\"@id\":\"https:\\\/\\\/nlb.ch\\\/de\\\/#\\\/schema\\\/logo\\\/image\\\/\"},\"sameAs\":[\"https:\\\/\\\/www.facebook.com\\\/pages\\\/Navigation-sur-le-Lac-des-Brenets-Compagnie-NLB-Visite-du-Saut-du-Doubs\\\/360765938001\"]}]}<\/script>\n<!-- \/ Yoast SEO plugin. -->","yoast_head_json":{"title":"NLB SA - Fahrplan, Tarife und Transport","description":"Entdecken Sie die Fahrpl\u00e4ne und Preise f\u00fcr Kreuzfahrten auf dem See von Les Brenets. Buchen Sie jetzt f\u00fcr ein unvergessliches Erlebnis!","robots":{"index":"index","follow":"follow","max-snippet":"max-snippet:-1","max-image-preview":"max-image-preview:large","max-video-preview":"max-video-preview:-1"},"canonical":"https:\/\/nlb.ch\/de\/oeffnungszeiten-zugang\/","og_locale":"de_DE","og_type":"article","og_title":"NLB SA - Fahrplan, Tarife und Transport","og_description":"Entdecken Sie die Fahrpl\u00e4ne und Preise f\u00fcr Kreuzfahrten auf dem See von Les Brenets. Buchen Sie jetzt f\u00fcr ein unvergessliches Erlebnis!","og_url":"https:\/\/nlb.ch\/de\/oeffnungszeiten-zugang\/","og_site_name":"Navigation sur le Lac de Brenets","article_publisher":"https:\/\/www.facebook.com\/pages\/Navigation-sur-le-Lac-des-Brenets-Compagnie-NLB-Visite-du-Saut-du-Doubs\/360765938001","article_modified_time":"2025-04-18T08:22:30+00:00","twitter_card":"summary_large_image","twitter_misc":{"Gesch\u00e4tzte Lesezeit":"3\u00a0Minuten"},"schema":{"@context":"https:\/\/schema.org","@graph":[{"@type":"WebPage","@id":"https:\/\/nlb.ch\/de\/oeffnungszeiten-zugang\/","url":"https:\/\/nlb.ch\/de\/oeffnungszeiten-zugang\/","name":"NLB SA - Fahrplan, Tarife und Transport","isPartOf":{"@id":"https:\/\/nlb.ch\/de\/#website"},"datePublished":"2024-12-06T12:01:13+00:00","dateModified":"2025-04-18T08:22:30+00:00","description":"Entdecken Sie die Fahrpl\u00e4ne und Preise f\u00fcr Kreuzfahrten auf dem See von Les Brenets. Buchen Sie jetzt f\u00fcr ein unvergessliches Erlebnis!","breadcrumb":{"@id":"https:\/\/nlb.ch\/de\/oeffnungszeiten-zugang\/#breadcrumb"},"inLanguage":"de","potentialAction":[{"@type":"ReadAction","target":["https:\/\/nlb.ch\/de\/oeffnungszeiten-zugang\/"]}]},{"@type":"BreadcrumbList","@id":"https:\/\/nlb.ch\/de\/oeffnungszeiten-zugang\/#breadcrumb","itemListElement":[{"@type":"ListItem","position":1,"name":"Accueil","item":"https:\/\/nlb.ch\/de\/"},{"@type":"ListItem","position":2,"name":"\u00d6ffnungszeiten &amp; Zugang"}]},{"@type":"WebSite","@id":"https:\/\/nlb.ch\/de\/#website","url":"https:\/\/nlb.ch\/de\/","name":"Navigation sur le Lac de Brenets","description":"","publisher":{"@id":"https:\/\/nlb.ch\/de\/#organization"},"potentialAction":[{"@type":"SearchAction","target":{"@type":"EntryPoint","urlTemplate":"https:\/\/nlb.ch\/de\/?s={search_term_string}"},"query-input":{"@type":"PropertyValueSpecification","valueRequired":true,"valueName":"search_term_string"}}],"inLanguage":"de"},{"@type":"Organization","@id":"https:\/\/nlb.ch\/de\/#organization","name":"Navigation sur le Lac de Brenets","url":"https:\/\/nlb.ch\/de\/","logo":{"@type":"ImageObject","inLanguage":"de","@id":"https:\/\/nlb.ch\/de\/#\/schema\/logo\/image\/","url":"https:\/\/nlb.ch\/wp-content\/uploads\/2024\/12\/Logo_NLB.webp","contentUrl":"https:\/\/nlb.ch\/wp-content\/uploads\/2024\/12\/Logo_NLB.webp","width":500,"height":500,"caption":"Navigation sur le Lac de Brenets"},"image":{"@id":"https:\/\/nlb.ch\/de\/#\/schema\/logo\/image\/"},"sameAs":["https:\/\/www.facebook.com\/pages\/Navigation-sur-le-Lac-des-Brenets-Compagnie-NLB-Visite-du-Saut-du-Doubs\/360765938001"]}]}},"_links":{"self":[{"href":"https:\/\/nlb.ch\/de\/wp-json\/wp\/v2\/pages\/6314","targetHints":{"allow":["GET"]}}],"collection":[{"href":"https:\/\/nlb.ch\/de\/wp-json\/wp\/v2\/pages"}],"about":[{"href":"https:\/\/nlb.ch\/de\/wp-json\/wp\/v2\/types\/page"}],"author":[{"embeddable":true,"href":"https:\/\/nlb.ch\/de\/wp-json\/wp\/v2\/users\/1"}],"replies":[{"embeddable":true,"href":"https:\/\/nlb.ch\/de\/wp-json\/wp\/v2\/comments?post=6314"}],"version-history":[{"count":5,"href":"https:\/\/nlb.ch\/de\/wp-json\/wp\/v2\/pages\/6314\/revisions"}],"predecessor-version":[{"id":6771,"href":"https:\/\/nlb.ch\/de\/wp-json\/wp\/v2\/pages\/6314\/revisions\/6771"}],"wp:attachment":[{"href":"https:\/\/nlb.ch\/de\/wp-json\/wp\/v2\/media?parent=6314"}],"curies":[{"name":"wp","href":"https:\/\/api.w.org\/{rel}","templated":true}]}}