{"id":6315,"date":"2025-01-22T13:31:29","date_gmt":"2025-01-22T12:31:29","guid":{"rendered":"https:\/\/nlb.ch\/geschichte\/"},"modified":"2025-03-20T16:08:57","modified_gmt":"2025-03-20T15:08:57","slug":"geschichte","status":"publish","type":"page","link":"https:\/\/nlb.ch\/de\/geschichte\/","title":{"rendered":"Geschichte"},"content":{"rendered":"<p>[et_pb_section fb_built=&#8220;1&#8243; specialty=&#8220;on&#8220; admin_label=&#8220;Timeline&#8220; _builder_version=&#8220;4.24.2&#8243; background_enable_color=&#8220;off&#8220; custom_padding=&#8220;||0px|||&#8220; locked=&#8220;off&#8220; global_colors_info=&#8220;{}&#8220;][et_pb_column type=&#8220;1_3&#8243; _builder_version=&#8220;4.16&#8243; custom_padding=&#8220;|||&#8220; global_colors_info=&#8220;{}&#8220; custom_padding__hover=&#8220;|||&#8220;][et_pb_text _builder_version=&#8220;4.27.4&#8243; _module_preset=&#8220;b327cbe4-b1d5-4b66-ad37-40c8f2f061ba&#8220; header_2_font=&#8220;||||||||&#8220; header_2_text_color=&#8220;#000000&#8243; header_2_font_size=&#8220;40px&#8220; header_2_line_height=&#8220;1.35em&#8220; header_2_font_size_tablet=&#8220;32px&#8220; header_2_font_size_phone=&#8220;25px&#8220; header_2_font_size_last_edited=&#8220;on|phone&#8220; global_colors_info=&#8220;{}&#8220;]<\/p>\n<h2>Unsere Realisierungen<\/h2>\n<p>[\/et_pb_text][\/et_pb_column][et_pb_column type=&#8220;2_3&#8243; specialty_columns=&#8220;2&#8243; _builder_version=&#8220;4.16&#8243; custom_padding=&#8220;|||&#8220; global_colors_info=&#8220;{}&#8220; custom_padding__hover=&#8220;|||&#8220;][et_pb_row_inner _builder_version=&#8220;4.27.4&#8243; custom_padding=&#8220;|||30px|false|false&#8220; border_color_all=&#8220;#073A60&#8243; border_width_left=&#8220;2px&#8220; global_colors_info=&#8220;{}&#8220;][et_pb_column_inner saved_specialty_column_type=&#8220;2_3&#8243; _builder_version=&#8220;4.16&#8243; global_colors_info=&#8220;{}&#8220;][et_pb_blurb title=&#8220;2013&#8243; use_icon=&#8220;on&#8220; font_icon=&#8220;&#x5e;||divi||400&#8243; icon_color=&#8220;#073A60&#8243; icon_placement=&#8220;left&#8220; image_icon_width=&#8220;40px&#8220; content_max_width=&#8220;100%&#8220; _builder_version=&#8220;4.27.4&#8243; header_level=&#8220;h2&#8243; header_font=&#8220;|||on|||||&#8220; header_text_color=&#8220;#073A60&#8243; header_line_height=&#8220;1.4em&#8220; body_font=&#8220;||||||||&#8220; body_text_color=&#8220;#000000&#8243; body_font_size=&#8220;15px&#8220; body_line_height=&#8220;1.8em&#8220; custom_margin=&#8220;|||-51px|false|false&#8220; body_font_size_tablet=&#8220;18px&#8220; body_font_size_phone=&#8220;16px&#8220; body_font_size_last_edited=&#8220;on|phone&#8220; icon_font_size=&#8220;40px&#8220; locked=&#8220;off&#8220; global_colors_info=&#8220;{}&#8220;]<\/p>\n<p><span>Bau eines selbstlenzenden Alu-Bootes<\/span><\/p>\n<p>[\/et_pb_blurb][et_pb_gallery gallery_ids=&#8220;5626,5627,5625,5624,5623,5628&#8243; posts_number=&#8220;1&#8243; show_title_and_caption=&#8220;off&#8220; show_pagination=&#8220;off&#8220; zoom_icon_color=&#8220;#073A60&#8243; _builder_version=&#8220;4.27.4&#8243; _module_preset=&#8220;default&#8220; max_width_tablet=&#8220;&#8220; max_width_phone=&#8220;&#8220; max_width_last_edited=&#8220;on|desktop&#8220; global_colors_info=&#8220;{}&#8220;][\/et_pb_gallery][et_pb_blurb title=&#8220;2013&#8243; use_icon=&#8220;on&#8220; font_icon=&#8220;&#x5e;||divi||400&#8243; icon_color=&#8220;#073A60&#8243; icon_placement=&#8220;left&#8220; image_icon_width=&#8220;40px&#8220; content_max_width=&#8220;100%&#8220; _builder_version=&#8220;4.27.4&#8243; header_level=&#8220;h2&#8243; header_font=&#8220;|||on|||||&#8220; header_text_color=&#8220;#073A60&#8243; header_line_height=&#8220;1.4em&#8220; body_font=&#8220;||||||||&#8220; body_text_color=&#8220;#000000&#8243; body_font_size=&#8220;15px&#8220; body_line_height=&#8220;1.8em&#8220; custom_margin=&#8220;|||-51px|false|false&#8220; body_font_size_tablet=&#8220;18px&#8220; body_font_size_phone=&#8220;16px&#8220; body_font_size_last_edited=&#8220;on|phone&#8220; icon_font_size=&#8220;40px&#8220; locked=&#8220;off&#8220; global_colors_info=&#8220;{}&#8220;]<\/p>\n<p>Bau des Chalets f\u00fcr den Wartesaal Port du Pr\u00e9-du-lac<\/p>\n<p>[\/et_pb_blurb][et_pb_gallery gallery_ids=&#8220;5572,5577,5542,5510,5557,5574,5536,5508&#8243; posts_number=&#8220;1&#8243; show_title_and_caption=&#8220;off&#8220; show_pagination=&#8220;off&#8220; zoom_icon_color=&#8220;#073A60&#8243; _builder_version=&#8220;4.27.4&#8243; _module_preset=&#8220;default&#8220; max_width_tablet=&#8220;&#8220; max_width_phone=&#8220;&#8220; max_width_last_edited=&#8220;on|desktop&#8220; global_colors_info=&#8220;{}&#8220;][\/et_pb_gallery][et_pb_blurb title=&#8220;2011&#8243; use_icon=&#8220;on&#8220; font_icon=&#8220;&#x5e;||divi||400&#8243; icon_color=&#8220;#073A60&#8243; icon_placement=&#8220;left&#8220; image_icon_width=&#8220;40px&#8220; content_max_width=&#8220;100%&#8220; _builder_version=&#8220;4.27.4&#8243; header_level=&#8220;h2&#8243; header_font=&#8220;|||on|||||&#8220; header_text_color=&#8220;#073A60&#8243; header_line_height=&#8220;1.4em&#8220; body_font=&#8220;||||||||&#8220; body_text_color=&#8220;#000000&#8243; body_font_size=&#8220;15px&#8220; body_line_height=&#8220;1.8em&#8220; custom_margin=&#8220;|||-51px|false|false&#8220; body_font_size_tablet=&#8220;18px&#8220; body_font_size_phone=&#8220;16px&#8220; body_font_size_last_edited=&#8220;on|phone&#8220; icon_font_size=&#8220;40px&#8220; locked=&#8220;off&#8220; global_colors_info=&#8220;{}&#8220;]<\/p>\n<p><span>Reparatur des Bugs B.M. B\u00e9cassine (Genf)<\/span><\/p>\n<p>[\/et_pb_blurb][et_pb_gallery gallery_ids=&#8220;5589,5500,5487,5518,5543,5537,5529,5521,5520,5494&#8243; posts_number=&#8220;1&#8243; show_title_and_caption=&#8220;off&#8220; show_pagination=&#8220;off&#8220; zoom_icon_color=&#8220;#073A60&#8243; _builder_version=&#8220;4.27.4&#8243; _module_preset=&#8220;default&#8220; max_width_tablet=&#8220;&#8220; max_width_phone=&#8220;&#8220; max_width_last_edited=&#8220;on|desktop&#8220; global_colors_info=&#8220;{}&#8220;][\/et_pb_gallery][et_pb_blurb title=&#8220;2009&#8243; use_icon=&#8220;on&#8220; font_icon=&#8220;&#x5e;||divi||400&#8243; icon_color=&#8220;#073A60&#8243; icon_placement=&#8220;left&#8220; image_icon_width=&#8220;40px&#8220; content_max_width=&#8220;100%&#8220; _builder_version=&#8220;4.27.4&#8243; header_level=&#8220;h2&#8243; header_font=&#8220;|||on|||||&#8220; header_text_color=&#8220;#073A60&#8243; header_line_height=&#8220;1.4em&#8220; body_font=&#8220;||||||||&#8220; body_text_color=&#8220;#000000&#8243; body_font_size=&#8220;15px&#8220; body_line_height=&#8220;1.8em&#8220; custom_margin=&#8220;|||-51px|false|false&#8220; body_font_size_tablet=&#8220;18px&#8220; body_font_size_phone=&#8220;16px&#8220; body_font_size_last_edited=&#8220;on|phone&#8220; icon_font_size=&#8220;40px&#8220; locked=&#8220;off&#8220; global_colors_info=&#8220;{}&#8220;]<\/p>\n<p>Renovierung des B.M. Gr\u00e8be (Ouchy)<\/p>\n<p>[\/et_pb_blurb][et_pb_gallery gallery_ids=&#8220;5587,5519,5552&#8243; posts_number=&#8220;1&#8243; show_title_and_caption=&#8220;off&#8220; show_pagination=&#8220;off&#8220; zoom_icon_color=&#8220;#073A60&#8243; _builder_version=&#8220;4.27.4&#8243; _module_preset=&#8220;default&#8220; max_width_tablet=&#8220;&#8220; max_width_phone=&#8220;&#8220; max_width_last_edited=&#8220;on|desktop&#8220; global_colors_info=&#8220;{}&#8220;][\/et_pb_gallery][et_pb_blurb title=&#8220;2006&#8243; use_icon=&#8220;on&#8220; font_icon=&#8220;&#x5e;||divi||400&#8243; icon_color=&#8220;#073A60&#8243; icon_placement=&#8220;left&#8220; image_icon_width=&#8220;40px&#8220; content_max_width=&#8220;100%&#8220; _builder_version=&#8220;4.27.4&#8243; header_level=&#8220;h2&#8243; header_font=&#8220;|||on|||||&#8220; header_text_color=&#8220;#073A60&#8243; header_line_height=&#8220;1.4em&#8220; body_font=&#8220;||||||||&#8220; body_text_color=&#8220;#000000&#8243; body_font_size=&#8220;15px&#8220; body_line_height=&#8220;1.8em&#8220; custom_margin=&#8220;|||-51px|false|false&#8220; body_font_size_tablet=&#8220;18px&#8220; body_font_size_phone=&#8220;16px&#8220; body_font_size_last_edited=&#8220;on|phone&#8220; icon_font_size=&#8220;40px&#8220; locked=&#8220;off&#8220; global_colors_info=&#8220;{}&#8220;]<\/p>\n<p>Bau des NLB-Hangars Nr. 2<\/p>\n<p>[\/et_pb_blurb][et_pb_gallery gallery_ids=&#8220;5590,5583,5507,5530,5538,5532,5522,5525,5533,5535,5548,5549,5556,5551,5544,5573,5497,5504,5505,5498,5511&#8243; posts_number=&#8220;1&#8243; show_title_and_caption=&#8220;off&#8220; show_pagination=&#8220;off&#8220; zoom_icon_color=&#8220;#073A60&#8243; _builder_version=&#8220;4.27.4&#8243; _module_preset=&#8220;default&#8220; max_width_tablet=&#8220;&#8220; max_width_phone=&#8220;&#8220; max_width_last_edited=&#8220;on|desktop&#8220; global_colors_info=&#8220;{}&#8220;][\/et_pb_gallery][et_pb_blurb title=&#8220;2005&#8243; use_icon=&#8220;on&#8220; font_icon=&#8220;&#x5e;||divi||400&#8243; icon_color=&#8220;#073A60&#8243; icon_placement=&#8220;left&#8220; image_icon_width=&#8220;40px&#8220; content_max_width=&#8220;100%&#8220; _builder_version=&#8220;4.27.4&#8243; header_level=&#8220;h2&#8243; header_font=&#8220;|||on|||||&#8220; header_text_color=&#8220;#073A60&#8243; header_line_height=&#8220;1.4em&#8220; body_font=&#8220;||||||||&#8220; body_text_color=&#8220;#000000&#8243; body_font_size=&#8220;15px&#8220; body_line_height=&#8220;1.8em&#8220; custom_margin=&#8220;|||-51px|false|false&#8220; body_font_size_tablet=&#8220;18px&#8220; body_font_size_phone=&#8220;16px&#8220; body_font_size_last_edited=&#8220;on|phone&#8220; icon_font_size=&#8220;40px&#8220; locked=&#8220;off&#8220; global_colors_info=&#8220;{}&#8220;]<\/p>\n<p>Renovierung des Daches der NLB-Werft<\/p>\n<p>[\/et_pb_blurb][et_pb_gallery gallery_ids=&#8220;5585,5491&#8243; posts_number=&#8220;1&#8243; show_title_and_caption=&#8220;off&#8220; show_pagination=&#8220;off&#8220; zoom_icon_color=&#8220;#073A60&#8243; _builder_version=&#8220;4.27.4&#8243; _module_preset=&#8220;default&#8220; max_width_tablet=&#8220;&#8220; max_width_phone=&#8220;&#8220; max_width_last_edited=&#8220;on|desktop&#8220; global_colors_info=&#8220;{}&#8220;][\/et_pb_gallery][et_pb_blurb title=&#8220;1997&#8243; use_icon=&#8220;on&#8220; font_icon=&#8220;&#x5e;||divi||400&#8243; icon_color=&#8220;#073A60&#8243; icon_placement=&#8220;left&#8220; image_icon_width=&#8220;40px&#8220; content_max_width=&#8220;100%&#8220; _builder_version=&#8220;4.27.4&#8243; header_level=&#8220;h2&#8243; header_font=&#8220;|||on|||||&#8220; header_text_color=&#8220;#073A60&#8243; header_line_height=&#8220;1.4em&#8220; body_font=&#8220;||||||||&#8220; body_text_color=&#8220;#000000&#8243; body_font_size=&#8220;15px&#8220; body_line_height=&#8220;1.8em&#8220; custom_margin=&#8220;|||-51px|false|false&#8220; body_font_size_tablet=&#8220;18px&#8220; body_font_size_phone=&#8220;16px&#8220; body_font_size_last_edited=&#8220;on|phone&#8220; icon_font_size=&#8220;40px&#8220; locked=&#8220;off&#8220; global_colors_info=&#8220;{}&#8220;]<\/p>\n<p>Bau eines Bootes Maison-Monsieur<\/p>\n<p>[\/et_pb_blurb][et_pb_gallery gallery_ids=&#8220;5617,5616,5615&#8243; posts_number=&#8220;1&#8243; show_title_and_caption=&#8220;off&#8220; show_pagination=&#8220;off&#8220; zoom_icon_color=&#8220;#073A60&#8243; _builder_version=&#8220;4.27.4&#8243; _module_preset=&#8220;default&#8220; max_width_tablet=&#8220;&#8220; max_width_phone=&#8220;&#8220; max_width_last_edited=&#8220;on|desktop&#8220; global_colors_info=&#8220;{}&#8220;][\/et_pb_gallery][et_pb_blurb title=&#8220;1996&#8243; use_icon=&#8220;on&#8220; font_icon=&#8220;&#x5e;||divi||400&#8243; icon_color=&#8220;#073A60&#8243; icon_placement=&#8220;left&#8220; image_icon_width=&#8220;40px&#8220; content_max_width=&#8220;100%&#8220; _builder_version=&#8220;4.27.4&#8243; header_level=&#8220;h2&#8243; header_font=&#8220;|||on|||||&#8220; header_text_color=&#8220;#073A60&#8243; header_line_height=&#8220;1.4em&#8220; body_font=&#8220;||||||||&#8220; body_text_color=&#8220;#000000&#8243; body_font_size=&#8220;15px&#8220; body_line_height=&#8220;1.8em&#8220; custom_margin=&#8220;|||-51px|false|false&#8220; body_font_size_tablet=&#8220;18px&#8220; body_font_size_phone=&#8220;16px&#8220; body_font_size_last_edited=&#8220;on|phone&#8220; icon_font_size=&#8220;40px&#8220; locked=&#8220;off&#8220; global_colors_info=&#8220;{}&#8220;]<\/p>\n<p>Renovierung des B.M. Walkyrie<\/p>\n<p>[\/et_pb_blurb][et_pb_gallery gallery_ids=&#8220;5488,5496,5559&#8243; posts_number=&#8220;1&#8243; show_title_and_caption=&#8220;off&#8220; show_pagination=&#8220;off&#8220; zoom_icon_color=&#8220;#073A60&#8243; _builder_version=&#8220;4.27.4&#8243; _module_preset=&#8220;default&#8220; max_width_tablet=&#8220;&#8220; max_width_phone=&#8220;&#8220; max_width_last_edited=&#8220;on|desktop&#8220; global_colors_info=&#8220;{}&#8220;][\/et_pb_gallery][et_pb_blurb title=&#8220;1993&#8243; use_icon=&#8220;on&#8220; font_icon=&#8220;&#x5e;||divi||400&#8243; icon_color=&#8220;#073A60&#8243; icon_placement=&#8220;left&#8220; image_icon_width=&#8220;40px&#8220; content_max_width=&#8220;100%&#8220; _builder_version=&#8220;4.27.4&#8243; header_level=&#8220;h2&#8243; header_font=&#8220;|||on|||||&#8220; header_text_color=&#8220;#073A60&#8243; header_line_height=&#8220;1.4em&#8220; body_font=&#8220;||||||||&#8220; body_text_color=&#8220;#000000&#8243; body_font_size=&#8220;15px&#8220; body_line_height=&#8220;1.8em&#8220; custom_margin=&#8220;|||-51px|false|false&#8220; body_font_size_tablet=&#8220;18px&#8220; body_font_size_phone=&#8220;16px&#8220; body_font_size_last_edited=&#8220;on|phone&#8220; icon_font_size=&#8220;40px&#8220; locked=&#8220;off&#8220; global_colors_info=&#8220;{}&#8220;]<\/p>\n<p><span>  Nebengeb\u00e4ude Waschanlage Garage \/ Baustelle<\/span><\/p>\n<p>[\/et_pb_blurb][et_pb_gallery gallery_ids=&#8220;5570,5584&#8243; posts_number=&#8220;1&#8243; show_title_and_caption=&#8220;off&#8220; show_pagination=&#8220;off&#8220; zoom_icon_color=&#8220;#073A60&#8243; _builder_version=&#8220;4.27.4&#8243; _module_preset=&#8220;default&#8220; max_width_tablet=&#8220;&#8220; max_width_phone=&#8220;&#8220; max_width_last_edited=&#8220;on|desktop&#8220; global_colors_info=&#8220;{}&#8220;][\/et_pb_gallery][et_pb_blurb title=&#8220;1990&#8243; use_icon=&#8220;on&#8220; font_icon=&#8220;&#x5e;||divi||400&#8243; icon_color=&#8220;#073A60&#8243; icon_placement=&#8220;left&#8220; image_icon_width=&#8220;40px&#8220; content_max_width=&#8220;100%&#8220; _builder_version=&#8220;4.27.4&#8243; header_level=&#8220;h2&#8243; header_font=&#8220;|||on|||||&#8220; header_text_color=&#8220;#073A60&#8243; header_line_height=&#8220;1.4em&#8220; body_font=&#8220;||||||||&#8220; body_text_color=&#8220;#000000&#8243; body_font_size=&#8220;15px&#8220; body_line_height=&#8220;1.8em&#8220; custom_margin=&#8220;|||-51px|false|false&#8220; body_font_size_tablet=&#8220;18px&#8220; body_font_size_phone=&#8220;16px&#8220; body_font_size_last_edited=&#8220;on|phone&#8220; icon_font_size=&#8220;40px&#8220; locked=&#8220;off&#8220; global_colors_info=&#8220;{}&#8220;]<\/p>\n<p>Bau des NLB-B\u00fcrochalets<\/p>\n<p>[\/et_pb_blurb][et_pb_gallery gallery_ids=&#8220;5546,5482,5481,5593&#8243; posts_number=&#8220;1&#8243; show_title_and_caption=&#8220;off&#8220; show_pagination=&#8220;off&#8220; zoom_icon_color=&#8220;#073A60&#8243; _builder_version=&#8220;4.27.4&#8243; _module_preset=&#8220;default&#8220; max_width_tablet=&#8220;&#8220; max_width_phone=&#8220;&#8220; max_width_last_edited=&#8220;on|desktop&#8220; global_colors_info=&#8220;{}&#8220;][\/et_pb_gallery][et_pb_blurb title=&#8220;1983&#8243; use_icon=&#8220;on&#8220; font_icon=&#8220;&#x5e;||divi||400&#8243; icon_color=&#8220;#073A60&#8243; icon_placement=&#8220;left&#8220; image_icon_width=&#8220;40px&#8220; content_max_width=&#8220;100%&#8220; _builder_version=&#8220;4.27.4&#8243; header_level=&#8220;h2&#8243; header_font=&#8220;|||on|||||&#8220; header_text_color=&#8220;#073A60&#8243; header_line_height=&#8220;1.4em&#8220; body_font=&#8220;||||||||&#8220; body_text_color=&#8220;#000000&#8243; body_font_size=&#8220;15px&#8220; body_line_height=&#8220;1.8em&#8220; custom_margin=&#8220;|||-51px|false|false&#8220; body_font_size_tablet=&#8220;18px&#8220; body_font_size_phone=&#8220;16px&#8220; body_font_size_last_edited=&#8220;on|phone&#8220; icon_font_size=&#8220;40px&#8220; locked=&#8220;off&#8220; global_colors_info=&#8220;{}&#8220;]<\/p>\n<p>Bau des B.M. MG11 (Genf)<\/p>\n<p>[\/et_pb_blurb][et_pb_gallery gallery_ids=&#8220;5581,5526,5484,5540,5575,5591&#8243; posts_number=&#8220;1&#8243; show_title_and_caption=&#8220;off&#8220; show_pagination=&#8220;off&#8220; zoom_icon_color=&#8220;#073A60&#8243; _builder_version=&#8220;4.27.4&#8243; _module_preset=&#8220;default&#8220; max_width_tablet=&#8220;&#8220; max_width_phone=&#8220;&#8220; max_width_last_edited=&#8220;on|desktop&#8220; global_colors_info=&#8220;{}&#8220;][\/et_pb_gallery][et_pb_blurb title=&#8220;1980&#8243; use_icon=&#8220;on&#8220; font_icon=&#8220;&#x5e;||divi||400&#8243; icon_color=&#8220;#073A60&#8243; icon_placement=&#8220;left&#8220; image_icon_width=&#8220;40px&#8220; content_max_width=&#8220;100%&#8220; _builder_version=&#8220;4.27.4&#8243; header_level=&#8220;h2&#8243; header_font=&#8220;|||on|||||&#8220; header_text_color=&#8220;#073A60&#8243; header_line_height=&#8220;1.4em&#8220; body_font=&#8220;||||||||&#8220; body_text_color=&#8220;#000000&#8243; body_font_size=&#8220;15px&#8220; body_line_height=&#8220;1.8em&#8220; custom_margin=&#8220;|||-51px|false|false&#8220; body_font_size_tablet=&#8220;18px&#8220; body_font_size_phone=&#8220;16px&#8220; body_font_size_last_edited=&#8220;on|phone&#8220; icon_font_size=&#8220;40px&#8220; locked=&#8220;off&#8220; global_colors_info=&#8220;{}&#8220;]<\/p>\n<p>Bau des B.M. Milouin MG10 (Genf)<\/p>\n<p>[\/et_pb_blurb][et_pb_gallery gallery_ids=&#8220;5524,5516,5550,5569,5509,5545,5586,5582,5501,5547,5579,5534,5489,5527,5514,5567,5506,5517&#8243; posts_number=&#8220;1&#8243; show_title_and_caption=&#8220;off&#8220; show_pagination=&#8220;off&#8220; zoom_icon_color=&#8220;#073A60&#8243; _builder_version=&#8220;4.27.4&#8243; _module_preset=&#8220;default&#8220; max_width_tablet=&#8220;&#8220; max_width_phone=&#8220;&#8220; max_width_last_edited=&#8220;on|desktop&#8220; global_colors_info=&#8220;{}&#8220;][\/et_pb_gallery][et_pb_blurb title=&#8220;1979&#8243; use_icon=&#8220;on&#8220; font_icon=&#8220;&#x5e;||divi||400&#8243; icon_color=&#8220;#073A60&#8243; icon_placement=&#8220;left&#8220; image_icon_width=&#8220;40px&#8220; content_max_width=&#8220;100%&#8220; _builder_version=&#8220;4.27.4&#8243; header_level=&#8220;h2&#8243; header_font=&#8220;|||on|||||&#8220; header_text_color=&#8220;#073A60&#8243; header_line_height=&#8220;1.4em&#8220; body_font=&#8220;||||||||&#8220; body_text_color=&#8220;#000000&#8243; body_font_size=&#8220;15px&#8220; body_line_height=&#8220;1.8em&#8220; custom_margin=&#8220;|||-51px|false|false&#8220; body_font_size_tablet=&#8220;18px&#8220; body_font_size_phone=&#8220;16px&#8220; body_font_size_last_edited=&#8220;on|phone&#8220; icon_font_size=&#8220;40px&#8220; locked=&#8220;off&#8220; global_colors_info=&#8220;{}&#8220;]<\/p>\n<p>Bau des B.M. Geo<\/p>\n<p>[\/et_pb_blurb][et_pb_gallery gallery_ids=&#8220;5528,5560,5503,5541,5588&#8243; posts_number=&#8220;1&#8243; show_title_and_caption=&#8220;off&#8220; show_pagination=&#8220;off&#8220; zoom_icon_color=&#8220;#073A60&#8243; _builder_version=&#8220;4.27.4&#8243; _module_preset=&#8220;default&#8220; max_width_tablet=&#8220;&#8220; max_width_phone=&#8220;&#8220; max_width_last_edited=&#8220;on|desktop&#8220; global_colors_info=&#8220;{}&#8220;][\/et_pb_gallery][et_pb_blurb title=&#8220;1977&#8243; use_icon=&#8220;on&#8220; font_icon=&#8220;&#x5e;||divi||400&#8243; icon_color=&#8220;#073A60&#8243; icon_placement=&#8220;left&#8220; image_icon_width=&#8220;40px&#8220; content_max_width=&#8220;100%&#8220; _builder_version=&#8220;4.27.4&#8243; header_level=&#8220;h2&#8243; header_font=&#8220;|||on|||||&#8220; header_text_color=&#8220;#073A60&#8243; header_line_height=&#8220;1.4em&#8220; body_font=&#8220;||||||||&#8220; body_text_color=&#8220;#000000&#8243; body_font_size=&#8220;15px&#8220; body_line_height=&#8220;1.8em&#8220; custom_margin=&#8220;|||-51px|false|false&#8220; body_font_size_tablet=&#8220;18px&#8220; body_font_size_phone=&#8220;16px&#8220; body_font_size_last_edited=&#8220;on|phone&#8220; icon_font_size=&#8220;40px&#8220; locked=&#8220;off&#8220; global_colors_info=&#8220;{}&#8220;]<\/p>\n<p>Bau des Hangars B.M. G\u00e9o<\/p>\n<p>[\/et_pb_blurb][et_pb_text _builder_version=&#8220;4.27.4&#8243; _module_preset=&#8220;default&#8220; global_colors_info=&#8220;{}&#8220;]<\/p>\n<p>Keine Fotos verf\u00fcgbar&#8230;<\/p>\n<p>[\/et_pb_text][et_pb_blurb title=&#8220;1973&#8243; use_icon=&#8220;on&#8220; font_icon=&#8220;&#x5e;||divi||400&#8243; icon_color=&#8220;#073A60&#8243; icon_placement=&#8220;left&#8220; image_icon_width=&#8220;40px&#8220; content_max_width=&#8220;100%&#8220; _builder_version=&#8220;4.27.4&#8243; header_level=&#8220;h2&#8243; header_font=&#8220;|||on|||||&#8220; header_text_color=&#8220;#073A60&#8243; header_line_height=&#8220;1.4em&#8220; body_font=&#8220;||||||||&#8220; body_text_color=&#8220;#000000&#8243; body_font_size=&#8220;15px&#8220; body_line_height=&#8220;1.8em&#8220; custom_margin=&#8220;|||-51px|false|false&#8220; body_font_size_tablet=&#8220;18px&#8220; body_font_size_phone=&#8220;16px&#8220; body_font_size_last_edited=&#8220;on|phone&#8220; icon_font_size=&#8220;40px&#8220; locked=&#8220;off&#8220; global_colors_info=&#8220;{}&#8220;]<\/p>\n<p>Renovierung des B.M. Quinten<\/p>\n<p>[\/et_pb_blurb][et_pb_gallery gallery_ids=&#8220;5571,5580,5553,5561,5485&#8243; posts_number=&#8220;1&#8243; show_title_and_caption=&#8220;off&#8220; show_pagination=&#8220;off&#8220; zoom_icon_color=&#8220;#073A60&#8243; _builder_version=&#8220;4.27.4&#8243; _module_preset=&#8220;default&#8220; max_width_tablet=&#8220;&#8220; max_width_phone=&#8220;&#8220; max_width_last_edited=&#8220;on|desktop&#8220; global_colors_info=&#8220;{}&#8220;][\/et_pb_gallery][et_pb_blurb title=&#8220;1972&#8243; use_icon=&#8220;on&#8220; font_icon=&#8220;&#x5e;||divi||400&#8243; icon_color=&#8220;#073A60&#8243; icon_placement=&#8220;left&#8220; image_icon_width=&#8220;40px&#8220; content_max_width=&#8220;100%&#8220; _builder_version=&#8220;4.27.4&#8243; header_level=&#8220;h2&#8243; header_font=&#8220;|||on|||||&#8220; header_text_color=&#8220;#073A60&#8243; header_line_height=&#8220;1.4em&#8220; body_font=&#8220;||||||||&#8220; body_text_color=&#8220;#000000&#8243; body_font_size=&#8220;15px&#8220; body_line_height=&#8220;1.8em&#8220; custom_margin=&#8220;|||-51px|false|false&#8220; body_font_size_tablet=&#8220;18px&#8220; body_font_size_phone=&#8220;16px&#8220; body_font_size_last_edited=&#8220;on|phone&#8220; icon_font_size=&#8220;40px&#8220; locked=&#8220;off&#8220; global_colors_info=&#8220;{}&#8220;]<\/p>\n<p>Bau des B.M. Jumbo<\/p>\n<p>[\/et_pb_blurb][et_pb_gallery gallery_ids=&#8220;5483,5523,5513,5563,5565,5566,5562,5486&#8243; posts_number=&#8220;1&#8243; show_title_and_caption=&#8220;off&#8220; show_pagination=&#8220;off&#8220; zoom_icon_color=&#8220;#073A60&#8243; _builder_version=&#8220;4.27.4&#8243; _module_preset=&#8220;default&#8220; max_width_tablet=&#8220;&#8220; max_width_phone=&#8220;&#8220; max_width_last_edited=&#8220;on|desktop&#8220; global_colors_info=&#8220;{}&#8220;][\/et_pb_gallery][et_pb_blurb title=&#8220;1965-1975&#8243; use_icon=&#8220;on&#8220; font_icon=&#8220;&#x5e;||divi||400&#8243; icon_color=&#8220;#073A60&#8243; icon_placement=&#8220;left&#8220; image_icon_width=&#8220;40px&#8220; content_max_width=&#8220;100%&#8220; _builder_version=&#8220;4.27.4&#8243; header_level=&#8220;h2&#8243; header_font=&#8220;|||on|||||&#8220; header_text_color=&#8220;#073A60&#8243; header_line_height=&#8220;1.4em&#8220; body_font=&#8220;||||||||&#8220; body_text_color=&#8220;#000000&#8243; body_font_size=&#8220;15px&#8220; body_line_height=&#8220;1.8em&#8220; custom_margin=&#8220;|||-51px|false|false&#8220; body_font_size_tablet=&#8220;18px&#8220; body_font_size_phone=&#8220;16px&#8220; body_font_size_last_edited=&#8220;on|phone&#8220; icon_font_size=&#8220;40px&#8220; locked=&#8220;off&#8220; global_colors_info=&#8220;{}&#8220;]<\/p>\n<p>Bau der NLB-Schiffswerft  <\/p>\n<p>[\/et_pb_blurb][et_pb_gallery gallery_ids=&#8220;5493,5578&#8243; posts_number=&#8220;1&#8243; show_title_and_caption=&#8220;off&#8220; show_pagination=&#8220;off&#8220; zoom_icon_color=&#8220;#073A60&#8243; _builder_version=&#8220;4.27.4&#8243; _module_preset=&#8220;default&#8220; max_width_tablet=&#8220;&#8220; max_width_phone=&#8220;&#8220; max_width_last_edited=&#8220;on|desktop&#8220; global_colors_info=&#8220;{}&#8220;][\/et_pb_gallery][\/et_pb_column_inner][\/et_pb_row_inner][\/et_pb_column][\/et_pb_section]<\/p>\n","protected":false},"excerpt":{"rendered":"<p>Unsere RealisierungenBau eines selbstlenzenden Alu-BootesBau des Chalets f\u00fcr den Wartesaal Port du Pr\u00e9-du-lacReparatur des Bugs B.M. B\u00e9cassine (Genf)Renovierung des B.M. Gr\u00e8be (Ouchy)Bau des NLB-Hangars Nr. 2Renovierung des Daches der NLB-WerftBau eines Bootes Maison-MonsieurRenovierung des B.M. Walkyrie Nebengeb\u00e4ude Waschanlage Garage \/ BaustelleBau des NLB-B\u00fcrochaletsBau des B.M. MG11 (Genf)Bau des B.M. Milouin MG10 (Genf)Bau des B.M. GeoBau [&hellip;]<\/p>\n","protected":false},"author":1,"featured_media":0,"parent":0,"menu_order":0,"comment_status":"closed","ping_status":"closed","template":"","meta":{"_et_pb_use_builder":"on","_et_pb_old_content":"","_et_gb_content_width":"","footnotes":""},"class_list":["post-6315","page","type-page","status-publish","hentry"],"yoast_head":"<!-- This site is optimized with the Yoast SEO plugin v27.3 - https:\/\/yoast.com\/product\/yoast-seo-wordpress\/ -->\n<title>NLB SA - Geschichte der Schifffahrt auf dem See von Les Brenets<\/title>\n<meta name=\"description\" content=\"Entdecken Sie die Geschichte von NLB, einem Familienunternehmen, das 1962 von Jean-Claude Durig in den H\u00f6hen des Kantons Neuch\u00e2tel gegr\u00fcndet wurde.\" \/>\n<meta name=\"robots\" content=\"index, follow, max-snippet:-1, max-image-preview:large, max-video-preview:-1\" \/>\n<link rel=\"canonical\" href=\"https:\/\/nlb.ch\/de\/geschichte\/\" \/>\n<meta property=\"og:locale\" content=\"de_DE\" \/>\n<meta property=\"og:type\" content=\"article\" \/>\n<meta property=\"og:title\" content=\"NLB SA - Geschichte der Schifffahrt auf dem See von Les Brenets\" \/>\n<meta property=\"og:description\" content=\"Entdecken Sie die Geschichte von NLB, einem Familienunternehmen, das 1962 von Jean-Claude Durig in den H\u00f6hen des Kantons Neuch\u00e2tel gegr\u00fcndet wurde.\" \/>\n<meta property=\"og:url\" content=\"https:\/\/nlb.ch\/de\/geschichte\/\" \/>\n<meta property=\"og:site_name\" content=\"Navigation sur le Lac de Brenets\" \/>\n<meta property=\"article:publisher\" content=\"https:\/\/www.facebook.com\/pages\/Navigation-sur-le-Lac-des-Brenets-Compagnie-NLB-Visite-du-Saut-du-Doubs\/360765938001\" \/>\n<meta property=\"article:modified_time\" content=\"2025-03-20T15:08:57+00:00\" \/>\n<meta name=\"twitter:card\" content=\"summary_large_image\" \/>\n<meta name=\"twitter:label1\" content=\"Gesch\u00e4tzte Lesezeit\" \/>\n\t<meta name=\"twitter:data1\" content=\"12\u00a0Minuten\" \/>\n<script type=\"application\/ld+json\" class=\"yoast-schema-graph\">{\"@context\":\"https:\\\/\\\/schema.org\",\"@graph\":[{\"@type\":\"WebPage\",\"@id\":\"https:\\\/\\\/nlb.ch\\\/de\\\/geschichte\\\/\",\"url\":\"https:\\\/\\\/nlb.ch\\\/de\\\/geschichte\\\/\",\"name\":\"NLB SA - Geschichte der Schifffahrt auf dem See von Les Brenets\",\"isPartOf\":{\"@id\":\"https:\\\/\\\/nlb.ch\\\/de\\\/#website\"},\"datePublished\":\"2025-01-22T12:31:29+00:00\",\"dateModified\":\"2025-03-20T15:08:57+00:00\",\"description\":\"Entdecken Sie die Geschichte von NLB, einem Familienunternehmen, das 1962 von Jean-Claude Durig in den H\u00f6hen des Kantons Neuch\u00e2tel gegr\u00fcndet wurde.\",\"breadcrumb\":{\"@id\":\"https:\\\/\\\/nlb.ch\\\/de\\\/geschichte\\\/#breadcrumb\"},\"inLanguage\":\"de\",\"potentialAction\":[{\"@type\":\"ReadAction\",\"target\":[\"https:\\\/\\\/nlb.ch\\\/de\\\/geschichte\\\/\"]}]},{\"@type\":\"BreadcrumbList\",\"@id\":\"https:\\\/\\\/nlb.ch\\\/de\\\/geschichte\\\/#breadcrumb\",\"itemListElement\":[{\"@type\":\"ListItem\",\"position\":1,\"name\":\"Accueil\",\"item\":\"https:\\\/\\\/nlb.ch\\\/de\\\/\"},{\"@type\":\"ListItem\",\"position\":2,\"name\":\"Geschichte\"}]},{\"@type\":\"WebSite\",\"@id\":\"https:\\\/\\\/nlb.ch\\\/de\\\/#website\",\"url\":\"https:\\\/\\\/nlb.ch\\\/de\\\/\",\"name\":\"Navigation sur le Lac de Brenets\",\"description\":\"\",\"publisher\":{\"@id\":\"https:\\\/\\\/nlb.ch\\\/de\\\/#organization\"},\"potentialAction\":[{\"@type\":\"SearchAction\",\"target\":{\"@type\":\"EntryPoint\",\"urlTemplate\":\"https:\\\/\\\/nlb.ch\\\/de\\\/?s={search_term_string}\"},\"query-input\":{\"@type\":\"PropertyValueSpecification\",\"valueRequired\":true,\"valueName\":\"search_term_string\"}}],\"inLanguage\":\"de\"},{\"@type\":\"Organization\",\"@id\":\"https:\\\/\\\/nlb.ch\\\/de\\\/#organization\",\"name\":\"Navigation sur le Lac de Brenets\",\"url\":\"https:\\\/\\\/nlb.ch\\\/de\\\/\",\"logo\":{\"@type\":\"ImageObject\",\"inLanguage\":\"de\",\"@id\":\"https:\\\/\\\/nlb.ch\\\/de\\\/#\\\/schema\\\/logo\\\/image\\\/\",\"url\":\"https:\\\/\\\/nlb.ch\\\/wp-content\\\/uploads\\\/2024\\\/12\\\/Logo_NLB.webp\",\"contentUrl\":\"https:\\\/\\\/nlb.ch\\\/wp-content\\\/uploads\\\/2024\\\/12\\\/Logo_NLB.webp\",\"width\":500,\"height\":500,\"caption\":\"Navigation sur le Lac de Brenets\"},\"image\":{\"@id\":\"https:\\\/\\\/nlb.ch\\\/de\\\/#\\\/schema\\\/logo\\\/image\\\/\"},\"sameAs\":[\"https:\\\/\\\/www.facebook.com\\\/pages\\\/Navigation-sur-le-Lac-des-Brenets-Compagnie-NLB-Visite-du-Saut-du-Doubs\\\/360765938001\"]}]}<\/script>\n<!-- \/ Yoast SEO plugin. -->","yoast_head_json":{"title":"NLB SA - Geschichte der Schifffahrt auf dem See von Les Brenets","description":"Entdecken Sie die Geschichte von NLB, einem Familienunternehmen, das 1962 von Jean-Claude Durig in den H\u00f6hen des Kantons Neuch\u00e2tel gegr\u00fcndet wurde.","robots":{"index":"index","follow":"follow","max-snippet":"max-snippet:-1","max-image-preview":"max-image-preview:large","max-video-preview":"max-video-preview:-1"},"canonical":"https:\/\/nlb.ch\/de\/geschichte\/","og_locale":"de_DE","og_type":"article","og_title":"NLB SA - Geschichte der Schifffahrt auf dem See von Les Brenets","og_description":"Entdecken Sie die Geschichte von NLB, einem Familienunternehmen, das 1962 von Jean-Claude Durig in den H\u00f6hen des Kantons Neuch\u00e2tel gegr\u00fcndet wurde.","og_url":"https:\/\/nlb.ch\/de\/geschichte\/","og_site_name":"Navigation sur le Lac de Brenets","article_publisher":"https:\/\/www.facebook.com\/pages\/Navigation-sur-le-Lac-des-Brenets-Compagnie-NLB-Visite-du-Saut-du-Doubs\/360765938001","article_modified_time":"2025-03-20T15:08:57+00:00","twitter_card":"summary_large_image","twitter_misc":{"Gesch\u00e4tzte Lesezeit":"12\u00a0Minuten"},"schema":{"@context":"https:\/\/schema.org","@graph":[{"@type":"WebPage","@id":"https:\/\/nlb.ch\/de\/geschichte\/","url":"https:\/\/nlb.ch\/de\/geschichte\/","name":"NLB SA - Geschichte der Schifffahrt auf dem See von Les Brenets","isPartOf":{"@id":"https:\/\/nlb.ch\/de\/#website"},"datePublished":"2025-01-22T12:31:29+00:00","dateModified":"2025-03-20T15:08:57+00:00","description":"Entdecken Sie die Geschichte von NLB, einem Familienunternehmen, das 1962 von Jean-Claude Durig in den H\u00f6hen des Kantons Neuch\u00e2tel gegr\u00fcndet wurde.","breadcrumb":{"@id":"https:\/\/nlb.ch\/de\/geschichte\/#breadcrumb"},"inLanguage":"de","potentialAction":[{"@type":"ReadAction","target":["https:\/\/nlb.ch\/de\/geschichte\/"]}]},{"@type":"BreadcrumbList","@id":"https:\/\/nlb.ch\/de\/geschichte\/#breadcrumb","itemListElement":[{"@type":"ListItem","position":1,"name":"Accueil","item":"https:\/\/nlb.ch\/de\/"},{"@type":"ListItem","position":2,"name":"Geschichte"}]},{"@type":"WebSite","@id":"https:\/\/nlb.ch\/de\/#website","url":"https:\/\/nlb.ch\/de\/","name":"Navigation sur le Lac de Brenets","description":"","publisher":{"@id":"https:\/\/nlb.ch\/de\/#organization"},"potentialAction":[{"@type":"SearchAction","target":{"@type":"EntryPoint","urlTemplate":"https:\/\/nlb.ch\/de\/?s={search_term_string}"},"query-input":{"@type":"PropertyValueSpecification","valueRequired":true,"valueName":"search_term_string"}}],"inLanguage":"de"},{"@type":"Organization","@id":"https:\/\/nlb.ch\/de\/#organization","name":"Navigation sur le Lac de Brenets","url":"https:\/\/nlb.ch\/de\/","logo":{"@type":"ImageObject","inLanguage":"de","@id":"https:\/\/nlb.ch\/de\/#\/schema\/logo\/image\/","url":"https:\/\/nlb.ch\/wp-content\/uploads\/2024\/12\/Logo_NLB.webp","contentUrl":"https:\/\/nlb.ch\/wp-content\/uploads\/2024\/12\/Logo_NLB.webp","width":500,"height":500,"caption":"Navigation sur le Lac de Brenets"},"image":{"@id":"https:\/\/nlb.ch\/de\/#\/schema\/logo\/image\/"},"sameAs":["https:\/\/www.facebook.com\/pages\/Navigation-sur-le-Lac-des-Brenets-Compagnie-NLB-Visite-du-Saut-du-Doubs\/360765938001"]}]}},"_links":{"self":[{"href":"https:\/\/nlb.ch\/de\/wp-json\/wp\/v2\/pages\/6315","targetHints":{"allow":["GET"]}}],"collection":[{"href":"https:\/\/nlb.ch\/de\/wp-json\/wp\/v2\/pages"}],"about":[{"href":"https:\/\/nlb.ch\/de\/wp-json\/wp\/v2\/types\/page"}],"author":[{"embeddable":true,"href":"https:\/\/nlb.ch\/de\/wp-json\/wp\/v2\/users\/1"}],"replies":[{"embeddable":true,"href":"https:\/\/nlb.ch\/de\/wp-json\/wp\/v2\/comments?post=6315"}],"version-history":[{"count":2,"href":"https:\/\/nlb.ch\/de\/wp-json\/wp\/v2\/pages\/6315\/revisions"}],"predecessor-version":[{"id":6459,"href":"https:\/\/nlb.ch\/de\/wp-json\/wp\/v2\/pages\/6315\/revisions\/6459"}],"wp:attachment":[{"href":"https:\/\/nlb.ch\/de\/wp-json\/wp\/v2\/media?parent=6315"}],"curies":[{"name":"wp","href":"https:\/\/api.w.org\/{rel}","templated":true}]}}