{"id":6445,"date":"2025-03-19T11:05:04","date_gmt":"2025-03-19T10:05:04","guid":{"rendered":"https:\/\/nlb.ch\/gruppenangebote\/"},"modified":"2026-01-28T10:10:17","modified_gmt":"2026-01-28T09:10:17","slug":"gruppenangebote","status":"publish","type":"page","link":"https:\/\/nlb.ch\/de\/gruppenangebote\/","title":{"rendered":"Gruppenangebote"},"content":{"rendered":"<p>[et_pb_section fb_built=&#8220;1&#8243; fullwidth=&#8220;on&#8220; _builder_version=&#8220;4.27.4&#8243; _module_preset=&#8220;default&#8220; use_background_color_gradient=&#8220;on&#8220; background_color_gradient_stops=&#8220;rgba(0,19,46,0.65) 0%|rgba(239,239,239,0) 100%&#8220; background_color_gradient_overlays_image=&#8220;on&#8220; background_image=&#8220;https:\/\/nlb.ch\/wp-content\/uploads\/2024\/12\/Fond_2.webp&#8220; locked=&#8220;off&#8220; global_colors_info=&#8220;{}&#8220;][et_pb_fullwidth_header title=&#8220;Gruppenangebote&#8220; _builder_version=&#8220;4.27.4&#8243; _module_preset=&#8220;default&#8220; title_text_align=&#8220;center&#8220; title_font_size=&#8220;60px&#8220; background_enable_color=&#8220;off&#8220; background_enable_image=&#8220;off&#8220; min_height=&#8220;500px&#8220; custom_padding=&#8220;15em||||false|false&#8220; custom_padding_tablet=&#8220;15em||||false|false&#8220; custom_padding_phone=&#8220;15em||||false|false&#8220; custom_padding_last_edited=&#8220;on|phone&#8220; title_font_size_tablet=&#8220;45px&#8220; title_font_size_phone=&#8220;40px&#8220; title_font_size_last_edited=&#8220;on|desktop&#8220; global_colors_info=&#8220;{}&#8220;][\/et_pb_fullwidth_header][\/et_pb_section][et_pb_section fb_built=&#8220;1&#8243; admin_label=&#8220;Services&#8220; _builder_version=&#8220;4.16&#8243; locked=&#8220;off&#8220; global_colors_info=&#8220;{}&#8220;][et_pb_row admin_label=&#8220;Ligne&#8220; _builder_version=&#8220;4.27.4&#8243; _module_preset=&#8220;default&#8220; min_height=&#8220;62.8px&#8220; custom_margin=&#8220;-5px|auto|4px|auto||&#8220; custom_padding=&#8220;0px||0px||true|false&#8220; collapsed=&#8220;off&#8220; global_colors_info=&#8220;{}&#8220;][et_pb_column type=&#8220;4_4&#8243; _builder_version=&#8220;4.27.4&#8243; _module_preset=&#8220;default&#8220; global_colors_info=&#8220;{}&#8220;][et_pb_text _builder_version=&#8220;4.27.4&#8243; _module_preset=&#8220;b327cbe4-b1d5-4b66-ad37-40c8f2f061ba&#8220; text_text_color=&#8220;gcid-4e7d0ff9-314e-4934-98c0-699b55fcceb1&#8243; header_2_font=&#8220;|700|||||||&#8220; header_2_text_color=&#8220;#1d5c42&#8243; header_2_font_size=&#8220;45px&#8220; header_2_line_height=&#8220;1.35em&#8220; min_height=&#8220;29.8px&#8220; custom_margin=&#8220;||30px||false|false&#8220; header_2_font_size_tablet=&#8220;32px&#8220; header_2_font_size_phone=&#8220;20px&#8220; header_2_font_size_last_edited=&#8220;on|desktop&#8220; locked=&#8220;off&#8220; inline_fonts=&#8220;Inter&#8220; global_colors_info=&#8220;{%22gcid-4e7d0ff9-314e-4934-98c0-699b55fcceb1%22:%91%22text_text_color%22%93}&#8220;]<\/p>\n<h2><strong><span style=\"color: #073a60; font-family: Inter;\">Croisi\u00e8re + repas au restaurant <\/span><\/strong><\/h2>\n<p>[\/et_pb_text][\/et_pb_column][\/et_pb_row][et_pb_row admin_label=&#8220;Ligne&#8220; _builder_version=&#8220;4.27.4&#8243; _module_preset=&#8220;default&#8220; min_height=&#8220;166.6px&#8220; global_colors_info=&#8220;{}&#8220;][et_pb_column type=&#8220;4_4&#8243; _builder_version=&#8220;4.27.4&#8243; _module_preset=&#8220;default&#8220; global_colors_info=&#8220;{}&#8220;][et_pb_text _builder_version=&#8220;4.27.4&#8243; _module_preset=&#8220;default&#8220; custom_padding=&#8220;||47px|||&#8220; inline_fonts=&#8220;Inter&#8220; global_colors_info=&#8220;{}&#8220;]<\/p>\n<p data-start=\"42\" data-end=\"140\" class=\"\"><span style=\"font-size: large; font-family: Inter; color: #073a60; font-weight: normal;\">Profitez d\u2019une sortie conviviale avec notre offre sp\u00e9ciale pour les groupes (d\u00e8s 20 personnes) :<\/span><\/p>\n<p data-start=\"142\" data-end=\"243\" class=\"\"><span style=\"font-size: large; font-family: Inter; color: #073a60; font-weight: normal;\">&#8211; Un menu 3 plats dans un cadre exceptionnel<\/span><br data-start=\"192\" data-end=\"195\" \/><span style=\"font-size: large; font-family: Inter; color: #073a60; font-weight: normal;\">&#8211; Une croisi\u00e8re aller-retour sur le Doubs<\/span><\/p>\n<p data-start=\"245\" data-end=\"381\" class=\"\"><span style=\"font-size: large; font-family: Inter; color: #073a60; font-weight: normal;\">Deux choix de restaurants :<\/span><br data-start=\"272\" data-end=\"275\" \/><span style=\"font-size: large; font-family: Inter; color: #073a60; font-weight: normal;\">\ud83d\udccd Au port des Brenets \u2013 <em data-start=\"304\" data-end=\"324\">Les Rives du Doubs<\/em><\/span><br data-start=\"324\" data-end=\"327\" \/><span style=\"font-size: large; font-family: Inter; color: #073a60; font-weight: normal;\">\ud83d\udccd Au port du Saut du Doubs \u2013 <em data-start=\"361\" data-end=\"379\">Le Saut du Doubs<\/em><\/span><\/p>\n<p data-start=\"383\" data-end=\"480\" class=\"\"><span style=\"font-size: large; font-family: Inter; color: #073a60; font-weight: normal;\">Une exp\u00e9rience id\u00e9ale pour partager un bon moment en pleine nature. R\u00e9servez d\u00e8s maintenant !<\/span><\/p>\n<p>[\/et_pb_text][\/et_pb_column][\/et_pb_row][et_pb_row column_structure=&#8220;1_2,1_2&#8243; _builder_version=&#8220;4.27.4&#8243; _module_preset=&#8220;default&#8220; global_colors_info=&#8220;{}&#8220;][et_pb_column type=&#8220;1_2&#8243; _builder_version=&#8220;4.27.4&#8243; _module_preset=&#8220;default&#8220; global_colors_info=&#8220;{}&#8220;][et_pb_image src=&#8220;https:\/\/nlb.ch\/wp-content\/uploads\/2025\/03\/Forfait-menu-RDD-2025-page-001.jpg&#8220; title_text=&#8220;Forfait menu RDD 2025-page-001&#8243; show_in_lightbox=&#8220;on&#8220; _builder_version=&#8220;4.27.4&#8243; _module_preset=&#8220;default&#8220; global_colors_info=&#8220;{}&#8220;][\/et_pb_image][\/et_pb_column][et_pb_column type=&#8220;1_2&#8243; _builder_version=&#8220;4.27.4&#8243; _module_preset=&#8220;default&#8220; global_colors_info=&#8220;{}&#8220;][et_pb_image src=&#8220;https:\/\/nlb.ch\/wp-content\/uploads\/2026\/01\/Menuevorschlaege-2026-Saut-du-Doubs-page-001-1.jpg&#8220; title_text=&#8220;Men\u00fcvorschl\u00e4ge 2026 Saut du Doubs-page-001 (1)&#8220; show_in_lightbox=&#8220;on&#8220; _builder_version=&#8220;4.27.5&#8243; _module_preset=&#8220;default&#8220; hover_enabled=&#8220;0&#8243; global_colors_info=&#8220;{}&#8220; sticky_enabled=&#8220;0&#8243;][\/et_pb_image][\/et_pb_column][\/et_pb_row][et_pb_row column_structure=&#8220;1_2,1_2&#8243; _builder_version=&#8220;4.27.4&#8243; _module_preset=&#8220;default&#8220; global_colors_info=&#8220;{}&#8220;][et_pb_column type=&#8220;1_2&#8243; _builder_version=&#8220;4.27.4&#8243; _module_preset=&#8220;default&#8220; global_colors_info=&#8220;{}&#8220;][et_pb_text _builder_version=&#8220;4.27.4&#8243; _module_preset=&#8220;b327cbe4-b1d5-4b66-ad37-40c8f2f061ba&#8220; text_text_color=&#8220;gcid-4e7d0ff9-314e-4934-98c0-699b55fcceb1&#8243; header_2_font=&#8220;|700|||||||&#8220; header_2_text_color=&#8220;#1d5c42&#8243; header_2_font_size=&#8220;45px&#8220; header_2_line_height=&#8220;1.35em&#8220; width=&#8220;100%&#8220; min_height=&#8220;29.8px&#8220; custom_margin=&#8220;||30px||false|false&#8220; custom_padding=&#8220;|63px||||&#8220; header_2_font_size_tablet=&#8220;32px&#8220; header_2_font_size_phone=&#8220;20px&#8220; header_2_font_size_last_edited=&#8220;on|desktop&#8220; locked=&#8220;off&#8220; inline_fonts=&#8220;Inter&#8220; global_colors_info=&#8220;{%22gcid-4e7d0ff9-314e-4934-98c0-699b55fcceb1%22:%91%22text_text_color%22%93}&#8220;]<\/p>\n<h2><strong><span style=\"color: #073a60; font-family: Inter;\">Journ\u00e9e d\u00e9couverte<\/span><\/strong><\/h2>\n<p>[\/et_pb_text][et_pb_image src=&#8220;https:\/\/nlb.ch\/wp-content\/uploads\/2025\/03\/2025-Quand-le-temps-se-fait-tout-Doubs-FRE-page-001.jpg&#8220; title_text=&#8220;2025 Quand le temps se fait tout Doubs FRE-page-001&#8243; show_in_lightbox=&#8220;on&#8220; disabled_on=&#8220;off|off|off&#8220; _builder_version=&#8220;4.27.4&#8243; _module_preset=&#8220;default&#8220; global_colors_info=&#8220;{}&#8220;][\/et_pb_image][et_pb_button button_url=&#8220;https:\/\/www.mhl-monts.ch\/groupe&#8220; url_new_window=&#8220;on&#8220; button_text=&#8220;R\u00e9servez ici &#8220; _builder_version=&#8220;4.27.4&#8243; _module_preset=&#8220;default&#8220; custom_button=&#8220;on&#8220; button_text_size=&#8220;14px&#8220; button_text_color=&#8220;#FFFFFF&#8220; button_bg_color=&#8220;#073A60&#8243; button_border_width=&#8220;0px&#8220; button_border_radius=&#8220;0px&#8220; button_font=&#8220;|||on|||||&#8220; custom_padding=&#8220;16px|24px|16px|24px|true|true&#8220; global_colors_info=&#8220;{}&#8220; button_text__hover_enabled=&#8220;off|desktop&#8220;][\/et_pb_button][\/et_pb_column][et_pb_column type=&#8220;1_2&#8243; _builder_version=&#8220;4.27.4&#8243; _module_preset=&#8220;default&#8220; global_colors_info=&#8220;{}&#8220;][et_pb_text _builder_version=&#8220;4.27.4&#8243; _module_preset=&#8220;b327cbe4-b1d5-4b66-ad37-40c8f2f061ba&#8220; text_text_color=&#8220;gcid-4e7d0ff9-314e-4934-98c0-699b55fcceb1&#8243; header_2_font=&#8220;|700|||||||&#8220; header_2_text_color=&#8220;#1d5c42&#8243; header_2_font_size=&#8220;45px&#8220; header_2_line_height=&#8220;1.35em&#8220; width=&#8220;100%&#8220; min_height=&#8220;74.8px&#8220; custom_margin=&#8220;||30px||false|false&#8220; custom_padding=&#8220;|63px|15px|||&#8220; header_2_font_size_tablet=&#8220;32px&#8220; header_2_font_size_phone=&#8220;20px&#8220; header_2_font_size_last_edited=&#8220;on|desktop&#8220; locked=&#8220;off&#8220; inline_fonts=&#8220;Inter&#8220; global_colors_info=&#8220;{%22gcid-4e7d0ff9-314e-4934-98c0-699b55fcceb1%22:%91%22text_text_color%22%93}&#8220;]<\/p>\n<p>&nbsp;<\/p>\n<p>[\/et_pb_text][et_pb_image src=&#8220;https:\/\/nlb.ch\/wp-content\/uploads\/2025\/03\/Offre-Caleches-bateau-page-001.jpg&#8220; title_text=&#8220;Offre Cal\u00e8ches + bateau-page-001&#8243; show_in_lightbox=&#8220;on&#8220; _builder_version=&#8220;4.27.4&#8243; _module_preset=&#8220;default&#8220; global_colors_info=&#8220;{}&#8220;][\/et_pb_image][et_pb_button button_url=&#8220;https:\/\/caleche-saut-du-doubs.fr\/special-groupes\/&#8220; url_new_window=&#8220;on&#8220; button_text=&#8220;R\u00e9servez ici &#8220; _builder_version=&#8220;4.27.4&#8243; _module_preset=&#8220;default&#8220; custom_button=&#8220;on&#8220; button_text_size=&#8220;14px&#8220; button_text_color=&#8220;#FFFFFF&#8220; button_bg_color=&#8220;#073A60&#8243; button_border_width=&#8220;0px&#8220; button_border_radius=&#8220;0px&#8220; button_font=&#8220;|||on|||||&#8220; custom_padding=&#8220;16px|24px|16px|24px|true|true&#8220; global_colors_info=&#8220;{}&#8220; button_text__hover_enabled=&#8220;off|desktop&#8220;][\/et_pb_button][\/et_pb_column][\/et_pb_row][\/et_pb_section]<\/p>\n","protected":false},"excerpt":{"rendered":"<p>Croisi\u00e8re + repas au restaurant Profitez d\u2019une sortie conviviale avec notre offre sp\u00e9ciale pour les groupes (d\u00e8s 20 personnes) : &#8211; Un menu 3 plats dans un cadre exceptionnel- Une croisi\u00e8re aller-retour sur le Doubs Deux choix de restaurants :\ud83d\udccd Au port des Brenets \u2013 Les Rives du Doubs\ud83d\udccd Au port du Saut du Doubs [&hellip;]<\/p>\n","protected":false},"author":1,"featured_media":0,"parent":0,"menu_order":0,"comment_status":"closed","ping_status":"closed","template":"","meta":{"_et_pb_use_builder":"on","_et_pb_old_content":"","_et_gb_content_width":"","footnotes":""},"class_list":["post-6445","page","type-page","status-publish","hentry"],"yoast_head":"<!-- This site is optimized with the Yoast SEO plugin v27.3 - https:\/\/yoast.com\/product\/yoast-seo-wordpress\/ -->\n<title>Gruppenangebote - Navigation sur le Lac de Brenets<\/title>\n<meta name=\"robots\" content=\"index, follow, max-snippet:-1, max-image-preview:large, max-video-preview:-1\" \/>\n<link rel=\"canonical\" href=\"https:\/\/nlb.ch\/de\/gruppenangebote\/\" \/>\n<meta property=\"og:locale\" content=\"de_DE\" \/>\n<meta property=\"og:type\" content=\"article\" \/>\n<meta property=\"og:title\" content=\"Gruppenangebote - Navigation sur le Lac de Brenets\" \/>\n<meta property=\"og:description\" content=\"Croisi\u00e8re + repas au restaurant Profitez d\u2019une sortie conviviale avec notre offre sp\u00e9ciale pour les groupes (d\u00e8s 20 personnes) : - Un menu 3 plats dans un cadre exceptionnel- Une croisi\u00e8re aller-retour sur le Doubs Deux choix de restaurants :\ud83d\udccd Au port des Brenets \u2013 Les Rives du Doubs\ud83d\udccd Au port du Saut du Doubs [&hellip;]\" \/>\n<meta property=\"og:url\" content=\"https:\/\/nlb.ch\/de\/gruppenangebote\/\" \/>\n<meta property=\"og:site_name\" content=\"Navigation sur le Lac de Brenets\" \/>\n<meta property=\"article:publisher\" content=\"https:\/\/www.facebook.com\/pages\/Navigation-sur-le-Lac-des-Brenets-Compagnie-NLB-Visite-du-Saut-du-Doubs\/360765938001\" \/>\n<meta property=\"article:modified_time\" content=\"2026-01-28T09:10:17+00:00\" \/>\n<meta name=\"twitter:card\" content=\"summary_large_image\" \/>\n<meta name=\"twitter:label1\" content=\"Gesch\u00e4tzte Lesezeit\" \/>\n\t<meta name=\"twitter:data1\" content=\"5\u00a0Minuten\" \/>\n<script type=\"application\/ld+json\" class=\"yoast-schema-graph\">{\"@context\":\"https:\\\/\\\/schema.org\",\"@graph\":[{\"@type\":\"WebPage\",\"@id\":\"https:\\\/\\\/nlb.ch\\\/de\\\/gruppenangebote\\\/\",\"url\":\"https:\\\/\\\/nlb.ch\\\/de\\\/gruppenangebote\\\/\",\"name\":\"Gruppenangebote - Navigation sur le Lac de Brenets\",\"isPartOf\":{\"@id\":\"https:\\\/\\\/nlb.ch\\\/de\\\/#website\"},\"datePublished\":\"2025-03-19T10:05:04+00:00\",\"dateModified\":\"2026-01-28T09:10:17+00:00\",\"breadcrumb\":{\"@id\":\"https:\\\/\\\/nlb.ch\\\/de\\\/gruppenangebote\\\/#breadcrumb\"},\"inLanguage\":\"de\",\"potentialAction\":[{\"@type\":\"ReadAction\",\"target\":[\"https:\\\/\\\/nlb.ch\\\/de\\\/gruppenangebote\\\/\"]}]},{\"@type\":\"BreadcrumbList\",\"@id\":\"https:\\\/\\\/nlb.ch\\\/de\\\/gruppenangebote\\\/#breadcrumb\",\"itemListElement\":[{\"@type\":\"ListItem\",\"position\":1,\"name\":\"Accueil\",\"item\":\"https:\\\/\\\/nlb.ch\\\/de\\\/\"},{\"@type\":\"ListItem\",\"position\":2,\"name\":\"Gruppenangebote\"}]},{\"@type\":\"WebSite\",\"@id\":\"https:\\\/\\\/nlb.ch\\\/de\\\/#website\",\"url\":\"https:\\\/\\\/nlb.ch\\\/de\\\/\",\"name\":\"Navigation sur le Lac de Brenets\",\"description\":\"\",\"publisher\":{\"@id\":\"https:\\\/\\\/nlb.ch\\\/de\\\/#organization\"},\"potentialAction\":[{\"@type\":\"SearchAction\",\"target\":{\"@type\":\"EntryPoint\",\"urlTemplate\":\"https:\\\/\\\/nlb.ch\\\/de\\\/?s={search_term_string}\"},\"query-input\":{\"@type\":\"PropertyValueSpecification\",\"valueRequired\":true,\"valueName\":\"search_term_string\"}}],\"inLanguage\":\"de\"},{\"@type\":\"Organization\",\"@id\":\"https:\\\/\\\/nlb.ch\\\/de\\\/#organization\",\"name\":\"Navigation sur le Lac de Brenets\",\"url\":\"https:\\\/\\\/nlb.ch\\\/de\\\/\",\"logo\":{\"@type\":\"ImageObject\",\"inLanguage\":\"de\",\"@id\":\"https:\\\/\\\/nlb.ch\\\/de\\\/#\\\/schema\\\/logo\\\/image\\\/\",\"url\":\"https:\\\/\\\/nlb.ch\\\/wp-content\\\/uploads\\\/2024\\\/12\\\/Logo_NLB.webp\",\"contentUrl\":\"https:\\\/\\\/nlb.ch\\\/wp-content\\\/uploads\\\/2024\\\/12\\\/Logo_NLB.webp\",\"width\":500,\"height\":500,\"caption\":\"Navigation sur le Lac de Brenets\"},\"image\":{\"@id\":\"https:\\\/\\\/nlb.ch\\\/de\\\/#\\\/schema\\\/logo\\\/image\\\/\"},\"sameAs\":[\"https:\\\/\\\/www.facebook.com\\\/pages\\\/Navigation-sur-le-Lac-des-Brenets-Compagnie-NLB-Visite-du-Saut-du-Doubs\\\/360765938001\"]}]}<\/script>\n<!-- \/ Yoast SEO plugin. -->","yoast_head_json":{"title":"Gruppenangebote - Navigation sur le Lac de Brenets","robots":{"index":"index","follow":"follow","max-snippet":"max-snippet:-1","max-image-preview":"max-image-preview:large","max-video-preview":"max-video-preview:-1"},"canonical":"https:\/\/nlb.ch\/de\/gruppenangebote\/","og_locale":"de_DE","og_type":"article","og_title":"Gruppenangebote - Navigation sur le Lac de Brenets","og_description":"Croisi\u00e8re + repas au restaurant Profitez d\u2019une sortie conviviale avec notre offre sp\u00e9ciale pour les groupes (d\u00e8s 20 personnes) : - Un menu 3 plats dans un cadre exceptionnel- Une croisi\u00e8re aller-retour sur le Doubs Deux choix de restaurants :\ud83d\udccd Au port des Brenets \u2013 Les Rives du Doubs\ud83d\udccd Au port du Saut du Doubs [&hellip;]","og_url":"https:\/\/nlb.ch\/de\/gruppenangebote\/","og_site_name":"Navigation sur le Lac de Brenets","article_publisher":"https:\/\/www.facebook.com\/pages\/Navigation-sur-le-Lac-des-Brenets-Compagnie-NLB-Visite-du-Saut-du-Doubs\/360765938001","article_modified_time":"2026-01-28T09:10:17+00:00","twitter_card":"summary_large_image","twitter_misc":{"Gesch\u00e4tzte Lesezeit":"5\u00a0Minuten"},"schema":{"@context":"https:\/\/schema.org","@graph":[{"@type":"WebPage","@id":"https:\/\/nlb.ch\/de\/gruppenangebote\/","url":"https:\/\/nlb.ch\/de\/gruppenangebote\/","name":"Gruppenangebote - Navigation sur le Lac de Brenets","isPartOf":{"@id":"https:\/\/nlb.ch\/de\/#website"},"datePublished":"2025-03-19T10:05:04+00:00","dateModified":"2026-01-28T09:10:17+00:00","breadcrumb":{"@id":"https:\/\/nlb.ch\/de\/gruppenangebote\/#breadcrumb"},"inLanguage":"de","potentialAction":[{"@type":"ReadAction","target":["https:\/\/nlb.ch\/de\/gruppenangebote\/"]}]},{"@type":"BreadcrumbList","@id":"https:\/\/nlb.ch\/de\/gruppenangebote\/#breadcrumb","itemListElement":[{"@type":"ListItem","position":1,"name":"Accueil","item":"https:\/\/nlb.ch\/de\/"},{"@type":"ListItem","position":2,"name":"Gruppenangebote"}]},{"@type":"WebSite","@id":"https:\/\/nlb.ch\/de\/#website","url":"https:\/\/nlb.ch\/de\/","name":"Navigation sur le Lac de Brenets","description":"","publisher":{"@id":"https:\/\/nlb.ch\/de\/#organization"},"potentialAction":[{"@type":"SearchAction","target":{"@type":"EntryPoint","urlTemplate":"https:\/\/nlb.ch\/de\/?s={search_term_string}"},"query-input":{"@type":"PropertyValueSpecification","valueRequired":true,"valueName":"search_term_string"}}],"inLanguage":"de"},{"@type":"Organization","@id":"https:\/\/nlb.ch\/de\/#organization","name":"Navigation sur le Lac de Brenets","url":"https:\/\/nlb.ch\/de\/","logo":{"@type":"ImageObject","inLanguage":"de","@id":"https:\/\/nlb.ch\/de\/#\/schema\/logo\/image\/","url":"https:\/\/nlb.ch\/wp-content\/uploads\/2024\/12\/Logo_NLB.webp","contentUrl":"https:\/\/nlb.ch\/wp-content\/uploads\/2024\/12\/Logo_NLB.webp","width":500,"height":500,"caption":"Navigation sur le Lac de Brenets"},"image":{"@id":"https:\/\/nlb.ch\/de\/#\/schema\/logo\/image\/"},"sameAs":["https:\/\/www.facebook.com\/pages\/Navigation-sur-le-Lac-des-Brenets-Compagnie-NLB-Visite-du-Saut-du-Doubs\/360765938001"]}]}},"_links":{"self":[{"href":"https:\/\/nlb.ch\/de\/wp-json\/wp\/v2\/pages\/6445","targetHints":{"allow":["GET"]}}],"collection":[{"href":"https:\/\/nlb.ch\/de\/wp-json\/wp\/v2\/pages"}],"about":[{"href":"https:\/\/nlb.ch\/de\/wp-json\/wp\/v2\/types\/page"}],"author":[{"embeddable":true,"href":"https:\/\/nlb.ch\/de\/wp-json\/wp\/v2\/users\/1"}],"replies":[{"embeddable":true,"href":"https:\/\/nlb.ch\/de\/wp-json\/wp\/v2\/comments?post=6445"}],"version-history":[{"count":4,"href":"https:\/\/nlb.ch\/de\/wp-json\/wp\/v2\/pages\/6445\/revisions"}],"predecessor-version":[{"id":6973,"href":"https:\/\/nlb.ch\/de\/wp-json\/wp\/v2\/pages\/6445\/revisions\/6973"}],"wp:attachment":[{"href":"https:\/\/nlb.ch\/de\/wp-json\/wp\/v2\/media?parent=6445"}],"curies":[{"name":"wp","href":"https:\/\/api.w.org\/{rel}","templated":true}]}}